{"id":177,"date":"2023-01-26T06:25:12","date_gmt":"2023-01-26T06:25:12","guid":{"rendered":"https:\/\/birgittelund.com\/?page_id=177"},"modified":"2023-03-29T07:30:31","modified_gmt":"2023-03-29T07:30:31","slug":"iben-from","status":"publish","type":"page","link":"https:\/\/www.birgittelund.com\/dk\/iben-from\/","title":{"rendered":"Iben From"},"content":{"rendered":"<p><strong>Mental landskabelighed \/&nbsp;<\/strong>Iben From.<em>&nbsp;<\/em>Direkt\u00f8r. KunstCentret&nbsp;<span dir=\"ltr\" role=\"presentation\">Silkeborg<\/span> <span dir=\"ltr\" role=\"presentation\">Bad<\/span><\/p>\n<p>For en billedkunstner er der god grund til at fordybe sig i farven. Farven som et land, et helt rige af betydning og vibrerende liv. Kunstnerens \u00f8je ser, pr\u00f8ver at forst\u00e5. Det er en tidskr\u00e6vende fordybelse, med sansning og erfaring af naturens farver, landskabets farver, livets farver, farverne i sig selv.<\/p>\n<p>Intellekt, \u00f8je og h\u00e5nd s\u00f8ger at oms\u00e6tte og formulere det erfarede i billedv\u00e6rket. Farven knyttes til form, balanceres mod andre farver og former. Det er ikke forestillede, og alligevel forestiller det. V\u00e6rkerne fremviser en rytme, en dimension af noget, som findes. Det man ser, bliver ogs\u00e5 nye landskaber. Visuelle landskaber, nu i billedets form. Der er rytme og puls, intet st\u00e5r tilsyneladende stille.<\/p>\n<p>Birgitte Lund anvender s\u00e5vel akvarel som maleri i sin formulering. I maleriet eksperimenterer hun med forskellige bindemidler og materialer, som giver varierende stoflige karakterer, ogs\u00e5 indenfor det samme maleri. F\u00e6lles for akvarellen og hendes malerier er den lagvise opbygning, fastholdelsen af transparensen og de antydede historier, der skyder sig ind over hinanden og udviskes igen. I billederne er der overvejende en horisontal retning. Som i et landskab, hvor blikket kan flyde frit til siderne og i dybden. Med forskellige midler udfordrer kunstneren denne retningsbestemthed i billedet. Og till\u00f8bet til enkel afl\u00e6selighed og det rent dekorative saboteres. Sm\u00e5 plamager og fl\u00e6kker af maling fungerer som vertikale opbremsninger eller stopklodser for bev\u00e6gelse. De samme fl\u00e6kker tilf\u00f8jer en dimension af foran og bagved, endnu en <em>retning <\/em>indf\u00f8res, nu ind i billedet.<\/p>\n<p>Dette trods er det alligevel den horisontale bev\u00e6gelse, som er den helt dominerende retning. Birgitte Lund benytter sig dertil af serielt arbejde, alts\u00e5 forl\u00f8b af flere billeder der placeres ved siden af hinanden og over hinanden i r\u00e6kker. Kvadratet, der i sig selv unddrager sig en vertikal eller horisontal forubestemmelse, giver en lille opbremsning. At se hendes v\u00e6rker kan sammenlignes med at ruske forbi med toget, hvor det som er udenfor bliver fragmenteret, ses som striber og efterstriber af indtryk fra en m\u00f8rk skov, en bl\u00e5 fjord, en oplyst perron, byernes flimrende huse og skilte, et vidstrakt landskab. Kvadratet gentages, men motivet giver variation. Repetitionen af den samme form er en \u00e5bning, en udvidelse af terr\u00e6net \/sindbilledet.<\/p>\n<p>Andre kunstnere har ogs\u00e5 arbejdet med farven p\u00e5 den intense og fokuserede m\u00e5de, hvormed Birgitte Lund ses g\u00f8re det p\u00e5 sin egen m\u00e5de. Med den abstrakte kunsts indtog i billedkunsten omkring 1910 igangsatte flere kunstnere en r\u00e6kke visuelle diskussioner om kunstv\u00e6rkets form\u00e5l og udtryksmidler. En af diskussionerne var om farvernes v\u00e6rdi i sig selv: Er farven noget i sig selv, hvad er dens symbolske v\u00e6rdier, hvilken relation har farven \u2013 m\u00e5ske \u2013 til noget set? Mange har budt ind i denne diskussion, som ogs\u00e5 er blevet til flere. Wassily Kandinsky lagde ud og skabte ud over sit eget billedv\u00e6rk et formuleret teoretisk grundlag for den abstrakte kunst. Den russiskf\u00f8dte, og senere amerikanske kunstner Mark Rothko var ogs\u00e5 en af dem. Med sine v\u00e6rker begyndte han i 1930erne en unders\u00f8gelse af farven som kommunikation som han fortsatte til sin d\u00f8d. Ogs\u00e5 danske kunstnere har v\u00e6ret med i denne <em>unders\u00f8gelse <\/em>af helt grundl\u00e6ggende maleriske elementer siden 1930erne, f.eks. kunstnerne i gruppen Linjen II, heriblandt Richard Mortensen, der for sin del fandt mange allegorier til musik i den abstrakte billedkunst. Han demonstrerede farven som bev\u00e6gelse, et levende element. En nutidig dansk kunstner, der ogs\u00e5 tager fat i farven som selvst\u00e6ndigt udtryk \u2013 den konkrete kunstopfattelse om man vil &#8211; er den j\u00e6vnaldrende maler Majbritt Ulvedal Bjelke, der ogs\u00e5 de seneste 20 \u00e5r har v\u00e6ret i gang med sin unders\u00f8gelse.<\/p>\n<p>Med sine arbejder er Birgitte Lund dog selv eksponent for en lyrisk abstraktion, der ikke starter med farven selv, men i en eller anden forstand i naturen, her forst\u00e5et b\u00e5de som landskab og som sj\u00e6lelig natur, bearbejdning af indtryk. Og s\u00e5 kommer farven til. Farven er en m\u00e5de at relatere sig til verden p\u00e5. Den tydelige landskabelighed i hendes v\u00e6rker har digtets kvaliteter. Farven kan sammenlignes med ord, der under l\u00e6sning af digtet \u00e5bner til flere betydninger og lag, l\u00e6ngere fremme brud i narrativet s\u00e5 lydens rytme nu styrer, nyt brud til en ny del af historien, osv. &nbsp;S\u00e5dan doserer og bruger hun farverne. Og det er ofte uventede farvekarakterer og sammenst\u00f8d de enkelte imellem.<\/p>\n<p>Under den tvetydige overskrift <em>psykedeliske landskaber<\/em> har Birgitte Lund i snart et \u00e5rti arbejdet med ogs\u00e5 den sindslige dimension. Sker det som ses, i \u00f8jet, indefra s\u00e5 at sige? Eller sker det som indtryk udefra? &nbsp;Dette sp\u00f8rgsm\u00e5l rejses. Mange af hendes billeder rummer nogle mellemrum \u2013 tv\u00e6rg\u00e5ende b\u00e5nd af hvidt, bart l\u00e6rred eller bart papir, en slags huller, mentale omr\u00e5der, der ikke kan beskrives, og som giver tanken plads.<\/p>\n<p align=\"right\">&nbsp;<\/p>\n<p><\/p>","protected":false},"excerpt":{"rendered":"<p>Mental landskabelighed \/&nbsp;Iben From.&nbsp;Direkt\u00f8r. KunstCentret&nbsp;Silkeborg Bad For en billedkunstner er der god grund til at fordybe sig i farven. Farven som et land, et helt rige af betydning og vibrerende liv. Kunstnerens \u00f8je ser, pr\u00f8ver at forst\u00e5. Det er en tidskr\u00e6vende fordybelse, med sansning og erfaring af naturens farver, landskabets farver, livets farver, farverne i &#8230; <a title=\"Iben From\" class=\"read-more\" href=\"https:\/\/www.birgittelund.com\/dk\/iben-from\/\" aria-label=\"More on Iben From\">Read more<\/a><\/p>\n","protected":false},"author":1,"featured_media":0,"parent":0,"menu_order":0,"comment_status":"closed","ping_status":"closed","template":"","meta":{"ngg_post_thumbnail":0,"footnotes":""},"class_list":["post-177","page","type-page","status-publish"],"yoast_head":"<!-- This site is optimized with the Yoast SEO plugin v25.9 - https:\/\/yoast.com\/wordpress\/plugins\/seo\/ -->\n<title>Iben From - birgittelund<\/title>\n<meta name=\"robots\" content=\"index, follow, max-snippet:-1, max-image-preview:large, max-video-preview:-1\" \/>\n<link rel=\"canonical\" href=\"https:\/\/www.birgittelund.com\/dk\/iben-from\/\" \/>\n<meta property=\"og:locale\" content=\"da_DK\" \/>\n<meta property=\"og:type\" content=\"article\" \/>\n<meta property=\"og:title\" content=\"Iben From - birgittelund\" \/>\n<meta property=\"og:description\" content=\"Mental landskabelighed \/&nbsp;Iben From.&nbsp;Direkt\u00f8r. KunstCentret&nbsp;Silkeborg Bad For en billedkunstner er der god grund til at fordybe sig i farven. Farven som et land, et helt rige af betydning og vibrerende liv. Kunstnerens \u00f8je ser, pr\u00f8ver at forst\u00e5. Det er en tidskr\u00e6vende fordybelse, med sansning og erfaring af naturens farver, landskabets farver, livets farver, farverne i ... Read more\" \/>\n<meta property=\"og:url\" content=\"https:\/\/www.birgittelund.com\/dk\/iben-from\/\" \/>\n<meta property=\"og:site_name\" content=\"birgittelund\" \/>\n<meta property=\"article:modified_time\" content=\"2023-03-29T07:30:31+00:00\" \/>\n<meta name=\"twitter:card\" content=\"summary_large_image\" \/>\n<meta name=\"twitter:label1\" content=\"Estimeret l\u00e6setid\" \/>\n\t<meta name=\"twitter:data1\" content=\"8 minutter\" \/>\n<script type=\"application\/ld+json\" class=\"yoast-schema-graph\">{\"@context\":\"https:\/\/schema.org\",\"@graph\":[{\"@type\":\"WebPage\",\"@id\":\"https:\/\/www.birgittelund.com\/dk\/iben-from\/\",\"url\":\"https:\/\/www.birgittelund.com\/dk\/iben-from\/\",\"name\":\"Iben From - birgittelund\",\"isPartOf\":{\"@id\":\"https:\/\/www.birgittelund.com\/#website\"},\"datePublished\":\"2023-01-26T06:25:12+00:00\",\"dateModified\":\"2023-03-29T07:30:31+00:00\",\"breadcrumb\":{\"@id\":\"https:\/\/www.birgittelund.com\/dk\/iben-from\/#breadcrumb\"},\"inLanguage\":\"da-DK\",\"potentialAction\":[{\"@type\":\"ReadAction\",\"target\":[\"https:\/\/www.birgittelund.com\/dk\/iben-from\/\"]}]},{\"@type\":\"BreadcrumbList\",\"@id\":\"https:\/\/www.birgittelund.com\/dk\/iben-from\/#breadcrumb\",\"itemListElement\":[{\"@type\":\"ListItem\",\"position\":1,\"name\":\"Home\",\"item\":\"https:\/\/www.birgittelund.com\/\"},{\"@type\":\"ListItem\",\"position\":2,\"name\":\"Iben From\"}]},{\"@type\":\"WebSite\",\"@id\":\"https:\/\/www.birgittelund.com\/#website\",\"url\":\"https:\/\/www.birgittelund.com\/\",\"name\":\"birgittelund\",\"description\":\"birgittelund\",\"publisher\":{\"@id\":\"https:\/\/www.birgittelund.com\/#\/schema\/person\/c4053e6f43a8d7c75c0036d685592195\"},\"potentialAction\":[{\"@type\":\"SearchAction\",\"target\":{\"@type\":\"EntryPoint\",\"urlTemplate\":\"https:\/\/www.birgittelund.com\/?s={search_term_string}\"},\"query-input\":{\"@type\":\"PropertyValueSpecification\",\"valueRequired\":true,\"valueName\":\"search_term_string\"}}],\"inLanguage\":\"da-DK\"},{\"@type\":[\"Person\",\"Organization\"],\"@id\":\"https:\/\/www.birgittelund.com\/#\/schema\/person\/c4053e6f43a8d7c75c0036d685592195\",\"name\":\"birgittelund\",\"image\":{\"@type\":\"ImageObject\",\"inLanguage\":\"da-DK\",\"@id\":\"https:\/\/www.birgittelund.com\/#\/schema\/person\/image\/\",\"url\":\"https:\/\/www.birgittelund.com\/wp-content\/uploads\/2023\/01\/cropped-cropped-bltop20_srcset-large.jpg\",\"contentUrl\":\"https:\/\/www.birgittelund.com\/wp-content\/uploads\/2023\/01\/cropped-cropped-bltop20_srcset-large.jpg\",\"width\":705,\"height\":99,\"caption\":\"birgittelund\"},\"logo\":{\"@id\":\"https:\/\/www.birgittelund.com\/#\/schema\/person\/image\/\"},\"sameAs\":[\"https:\/\/birgittelund.com\"]}]}<\/script>\n<!-- \/ Yoast SEO plugin. -->","yoast_head_json":{"title":"Iben From - birgittelund","robots":{"index":"index","follow":"follow","max-snippet":"max-snippet:-1","max-image-preview":"max-image-preview:large","max-video-preview":"max-video-preview:-1"},"canonical":"https:\/\/www.birgittelund.com\/dk\/iben-from\/","og_locale":"da_DK","og_type":"article","og_title":"Iben From - birgittelund","og_description":"Mental landskabelighed \/&nbsp;Iben From.&nbsp;Direkt\u00f8r. KunstCentret&nbsp;Silkeborg Bad For en billedkunstner er der god grund til at fordybe sig i farven. Farven som et land, et helt rige af betydning og vibrerende liv. Kunstnerens \u00f8je ser, pr\u00f8ver at forst\u00e5. Det er en tidskr\u00e6vende fordybelse, med sansning og erfaring af naturens farver, landskabets farver, livets farver, farverne i ... Read more","og_url":"https:\/\/www.birgittelund.com\/dk\/iben-from\/","og_site_name":"birgittelund","article_modified_time":"2023-03-29T07:30:31+00:00","twitter_card":"summary_large_image","twitter_misc":{"Estimeret l\u00e6setid":"8 minutter"},"schema":{"@context":"https:\/\/schema.org","@graph":[{"@type":"WebPage","@id":"https:\/\/www.birgittelund.com\/dk\/iben-from\/","url":"https:\/\/www.birgittelund.com\/dk\/iben-from\/","name":"Iben From - birgittelund","isPartOf":{"@id":"https:\/\/www.birgittelund.com\/#website"},"datePublished":"2023-01-26T06:25:12+00:00","dateModified":"2023-03-29T07:30:31+00:00","breadcrumb":{"@id":"https:\/\/www.birgittelund.com\/dk\/iben-from\/#breadcrumb"},"inLanguage":"da-DK","potentialAction":[{"@type":"ReadAction","target":["https:\/\/www.birgittelund.com\/dk\/iben-from\/"]}]},{"@type":"BreadcrumbList","@id":"https:\/\/www.birgittelund.com\/dk\/iben-from\/#breadcrumb","itemListElement":[{"@type":"ListItem","position":1,"name":"Home","item":"https:\/\/www.birgittelund.com\/"},{"@type":"ListItem","position":2,"name":"Iben From"}]},{"@type":"WebSite","@id":"https:\/\/www.birgittelund.com\/#website","url":"https:\/\/www.birgittelund.com\/","name":"birgittelund","description":"birgittelund","publisher":{"@id":"https:\/\/www.birgittelund.com\/#\/schema\/person\/c4053e6f43a8d7c75c0036d685592195"},"potentialAction":[{"@type":"SearchAction","target":{"@type":"EntryPoint","urlTemplate":"https:\/\/www.birgittelund.com\/?s={search_term_string}"},"query-input":{"@type":"PropertyValueSpecification","valueRequired":true,"valueName":"search_term_string"}}],"inLanguage":"da-DK"},{"@type":["Person","Organization"],"@id":"https:\/\/www.birgittelund.com\/#\/schema\/person\/c4053e6f43a8d7c75c0036d685592195","name":"birgittelund","image":{"@type":"ImageObject","inLanguage":"da-DK","@id":"https:\/\/www.birgittelund.com\/#\/schema\/person\/image\/","url":"https:\/\/www.birgittelund.com\/wp-content\/uploads\/2023\/01\/cropped-cropped-bltop20_srcset-large.jpg","contentUrl":"https:\/\/www.birgittelund.com\/wp-content\/uploads\/2023\/01\/cropped-cropped-bltop20_srcset-large.jpg","width":705,"height":99,"caption":"birgittelund"},"logo":{"@id":"https:\/\/www.birgittelund.com\/#\/schema\/person\/image\/"},"sameAs":["https:\/\/birgittelund.com"]}]}},"_links":{"self":[{"href":"https:\/\/www.birgittelund.com\/dk\/wp-json\/wp\/v2\/pages\/177","targetHints":{"allow":["GET"]}}],"collection":[{"href":"https:\/\/www.birgittelund.com\/dk\/wp-json\/wp\/v2\/pages"}],"about":[{"href":"https:\/\/www.birgittelund.com\/dk\/wp-json\/wp\/v2\/types\/page"}],"author":[{"embeddable":true,"href":"https:\/\/www.birgittelund.com\/dk\/wp-json\/wp\/v2\/users\/1"}],"replies":[{"embeddable":true,"href":"https:\/\/www.birgittelund.com\/dk\/wp-json\/wp\/v2\/comments?post=177"}],"version-history":[{"count":3,"href":"https:\/\/www.birgittelund.com\/dk\/wp-json\/wp\/v2\/pages\/177\/revisions"}],"predecessor-version":[{"id":1381,"href":"https:\/\/www.birgittelund.com\/dk\/wp-json\/wp\/v2\/pages\/177\/revisions\/1381"}],"wp:attachment":[{"href":"https:\/\/www.birgittelund.com\/dk\/wp-json\/wp\/v2\/media?parent=177"}],"curies":[{"name":"wp","href":"https:\/\/api.w.org\/{rel}","templated":true}]}}